{"id":1126,"date":"2016-09-26T14:13:52","date_gmt":"2016-09-26T12:13:52","guid":{"rendered":"http:\/\/demo.klimapunkt.pl\/?page_id=1126"},"modified":"2020-07-09T12:12:58","modified_gmt":"2020-07-09T10:12:58","slug":"klimatyzacja-aux","status":"publish","type":"page","link":"https:\/\/klimapunkt.pl\/?page_id=1126","title":{"rendered":"AUX"},"content":{"rendered":"<h2><div class=\"cherry-hr   hr-261\"><\/div><\/h2>\n<h2><span style=\"font-size: 36px;\">KLIMATYZATORY MARKI AUX<\/span><\/h2>\n<p><img loading=\"lazy\" decoding=\"async\" class=\"size-full wp-image-1454 alignright\" src=\"https:\/\/klimapunkt.pl\/wp-content\/uploads\/2020\/06\/aux-logo-1.jpg\" alt=\"\" width=\"250\" height=\"117\" \/>Zapraszamy do zapoznania si\u0119 z bogat\u0105 ofert\u0105 klimatyzator\u00f3w marki AUX:<\/p>\n<p><a href=\"https:\/\/klimapunkt.pl\/wp-content\/uploads\/2020\/06\/aux-katalog-2020-web.pdf\" target=\"_blank\" rel=\"noopener noreferrer\"><div class=\"fluid-button-left  -wrapper\"><a class=\"cherry-btn cherry-btn-primary cherry-btn-medium cherry-btn-inline cherry-btn-fade cherry-btn-left   button-860\" target=\"_blank\" href=\"https:\/\/wienkra.pl\/wp-content\/uploads\/2020\/03\/aux-katalog-2020-web.pdf\"><span class=\"material-design-google134 cherry-btn-icon icon-position-left icon-945\"><\/span><span class=\"cherry-btn-content-wrap\">KATALOG AUX<\/span><\/a><\/div><\/a><\/p>\n<p>Grupa AUX, dzia\u0142aj\u0105ca na rynku od 1986 roku, jest jednym z czo\u0142owych<br \/>\nproducent\u00f3w inteligentnych urz\u0105dze\u0144 gospodarstwa domowego,<br \/>\nw tym g\u0142\u00f3wnie klimatyzator\u00f3w. Grupa posiada 7 nowoczesnych baz<br \/>\nprodukcyjnych \u2013 najwi\u0119ksze w Ningbo, Nanchang i Tianjin w Chinach<br \/>\n\u2013 oraz 5 centr\u00f3w badawczo-rozwojowych. Urz\u0105dzenia marki AUX<br \/>\ns\u0105 dost\u0119pne w ponad 100 krajach na ca\u0142ym \u015bwiecie. Dzi\u0119ki ci\u0105g\u0142ym<br \/>\ninwestycjom w badania i rozw\u00f3j, marka AUX mo\u017ce zaoferowa\u0107<br \/>\nkonkurencyjne, zaawansowane technologicznie i atrakcyjne<br \/>\nstylistycznie produkty, spe\u0142niaj\u0105ce najwy\u017csze standardy jako\u015bci<br \/>\ni europejskie wymagania dotycz\u0105ce efektywno\u015bci energetycznej.<\/p>\n<div class=\"col-md-5  motopress-empty mp-hidden-phone\"><\/div>\n<div class=\"row row-edge  \" ><\/div>\n<div class=\"col-md-12 col-xs-offset-0 col-sm-offset-0 col-md-offset-0 col-lg-offset-0 col-xs-pull-0 col-sm-pull-0 col-md-pull-0 col-lg-pull-0 col-xs-push-0 col-sm-push-0 col-md-push-0 col-lg-push-0\"><\/div>\n<div class=\"cherry-hr   hr-453\"><\/div>\n","protected":false},"excerpt":{"rendered":"KLIMATYZATORY MARKI AUX Zapraszamy do zapoznania si\u0119 z bogat\u0105 ofert\u0105 klimatyzator\u00f3w marki AUX: Grupa AUX, dzia\u0142aj\u0105ca na rynku od 1986 roku, jest jednym z czo\u0142owych producent\u00f3w inteligentnych urz\u0105dze\u0144 gospodarstwa domowego, w tym g\u0142\u00f3wnie klimatyzator\u00f3w. Grupa posiada 7 nowoczesnych baz produkcyjnych","protected":false},"author":3,"featured_media":0,"parent":0,"menu_order":0,"comment_status":"closed","ping_status":"closed","template":"","meta":{"footnotes":""},"_links":{"self":[{"href":"https:\/\/klimapunkt.pl\/index.php?rest_route=\/wp\/v2\/pages\/1126"}],"collection":[{"href":"https:\/\/klimapunkt.pl\/index.php?rest_route=\/wp\/v2\/pages"}],"about":[{"href":"https:\/\/klimapunkt.pl\/index.php?rest_route=\/wp\/v2\/types\/page"}],"author":[{"embeddable":true,"href":"https:\/\/klimapunkt.pl\/index.php?rest_route=\/wp\/v2\/users\/3"}],"replies":[{"embeddable":true,"href":"https:\/\/klimapunkt.pl\/index.php?rest_route=%2Fwp%2Fv2%2Fcomments&post=1126"}],"version-history":[{"count":27,"href":"https:\/\/klimapunkt.pl\/index.php?rest_route=\/wp\/v2\/pages\/1126\/revisions"}],"predecessor-version":[{"id":1572,"href":"https:\/\/klimapunkt.pl\/index.php?rest_route=\/wp\/v2\/pages\/1126\/revisions\/1572"}],"wp:attachment":[{"href":"https:\/\/klimapunkt.pl\/index.php?rest_route=%2Fwp%2Fv2%2Fmedia&parent=1126"}],"curies":[{"name":"wp","href":"https:\/\/api.w.org\/{rel}","templated":true}]}}